{"id":2148,"date":"2014-08-12T12:34:51","date_gmt":"2014-08-12T12:34:51","guid":{"rendered":"http:\/\/coraldebilbao.com\/coros\/coro-euskeria\/"},"modified":"2018-03-09T11:58:52","modified_gmt":"2018-03-09T10:58:52","slug":"coro-euskeria","status":"publish","type":"page","link":"https:\/\/www.coraldebilbao.com\/fr\/coros\/coro-euskeria\/","title":{"rendered":"Coro Euskeria"},"content":{"rendered":"<p><img loading=\"lazy\" class=\"alignnone size-full wp-image-17636\" src=\"https:\/\/www.coraldebilbao.com\/wp-content\/uploads\/2018\/03\/coral-euskeria-de-la-coral-de-bilbao-2.jpg\" alt=\"Coral Euskeria de la Coral de Bilbao\" width=\"793\" height=\"332\" srcset=\"https:\/\/www.coraldebilbao.com\/wp-content\/uploads\/2018\/03\/coral-euskeria-de-la-coral-de-bilbao-2.jpg 793w, https:\/\/www.coraldebilbao.com\/wp-content\/uploads\/2018\/03\/coral-euskeria-de-la-coral-de-bilbao-2-300x126.jpg 300w, https:\/\/www.coraldebilbao.com\/wp-content\/uploads\/2018\/03\/coral-euskeria-de-la-coral-de-bilbao-2-768x322.jpg 768w, https:\/\/www.coraldebilbao.com\/wp-content\/uploads\/2018\/03\/coral-euskeria-de-la-coral-de-bilbao-2-790x332.jpg 790w\" sizes=\"(max-width: 793px) 100vw, 793px\" \/><br \/>\n<div class='dt-sc-hr-invisible  '><\/div>\n<h2>CHORALE EUSKERIA de la Soci\u00e9t\u00e9 Chorale de Bilbao<\/h2>\n<p>La chorale a \u00e9t\u00e9 fond\u00e9e en 1985 en supposant que votre Juan Luis Vazquez depuis dix ans. I\u00f1aki Moreno l&#8217;a remplac\u00e9 jusqu&#8217;en 2007. Formation juv\u00e9nile de la Soci\u00e9t\u00e9 Chorale de Bilbao il a commenc\u00e9 \u00e0 cette date une nouvelle \u00e8re avec la nomination de UrkoSangroniz en tant que directeur, tout en conservant sa philosophie de l&#8217;\u00eatre l&#8217;\u00e9tape interm\u00e9diaire entre le Conservatoire Chorale et la chorale des enfants et chorale d&#8217;adultes ou propre Chorale.<\/p>\n<p>Parmi son activit\u00e9 intense inclure des visites du nord de l&#8217;Allemagne dans les ann\u00e9es 93 et 96, offrant plusieurs concerts \u00e0 Hambourg et \u00e0 Schwerin Schelswig-Holstein. En outre, diff\u00e9rents endroits dans la r\u00e9gion Anjou en France ont \u00e9t\u00e9 la sc\u00e8ne de concerts dans des voyages effectu\u00e9s dans les ann\u00e9es 94, 96 et 98 avec l&#8217;Orchestre du Conservatoire de Guridi Chorale de Bilbao. Concert Mention sp\u00e9ciale \u00e0 l&#8217;\u00e9glise de la Mission d&#8217;Espagne \u00e0 Paris, qui a pris fin avec la derni\u00e8re tourn\u00e9e. L\u2019ann\u00e9e 99, elle a particip\u00e9 au Festival de musique sacr\u00e9e de l&#8217;\u00eele de R\u00e9, \u00e9galement en France.<\/p>\n<p><img loading=\"lazy\" class=\"alignright size-full wp-image-2149\" src=\"https:\/\/www.coraldebilbao.com\/wp-content\/uploads\/2014\/08\/coro-eusjeria-actuando.jpg\" alt=\"coro-eusjeria-actuando\" width=\"400\" height=\"266\" \/>Elle a jou\u00e9 en Espagne dans plusieurs concerts \u00e0 l&#8217;Auditorium National de Madrid, le Th\u00e9\u00e2treCervantes de Malaga, au Grand Th\u00e9\u00e2tre de C\u00f3rdoba, Lope de Vega, la Romea Murcia, la Fabrique Royale de Tapisserie \u00e0 Madrid et sur diff\u00e9rentes sc\u00e8ne de Carthag\u00e8ne, Lorca, Burgos, Alcobendas, Cantabria, La Rioja, Getafe, Albacete et Barcelone.<br \/>\nElle a particip\u00e9 \u00e0 de nombreuses productions de diverses op\u00e9rettes au th\u00e9\u00e2tre Arriaga.<\/p>\n<p>Les actions de ces derni\u00e8res ann\u00e9es ont mis en \u00e9vidence sa collaboration avec le compositeur Eric Whitacre lors de son s\u00e9jour \u00e0 Bilbao, ainsi que des concerts au Festival international de la chanson de Bilbao GuntunZuria et Musique Pop Cycle &#8220;Izar&amp; Star&#8221;. Il a particip\u00e9 \u00e0 l&#8217;enregistrement du CD &#8220;125 UrteKantuan-chant depuis 125 ans&#8221;, publi\u00e9 pour le 125e anniversaire de la Soci\u00e9t\u00e9 Chorale de Bilbao. L&#8217;an dernier, ils ont enregistr\u00e9 un album avec des versions de la chorale.de th\u00e8mes connus de musique pop.<br \/>\nCe m\u00eame mois de Juillet, elle a jou\u00e9 quelques jours avec le BBK Live au Th\u00e9\u00e2tre Campos un r\u00e9pertoire en version chorale et de bande de rock de groupes venant au festival.<br \/>\n<div class=\"dt-sc-hr-border\"><\/div>\n<h2>Les choristes<\/h2>\n<div class='dt-sc-hr '><\/div>\n<h3>Recensement Chorale Euskeria de la Chorale de Bilbao 2013<\/h3>\n<table>\n<tbody>\n<tr>\n<td>Sopranos<\/td>\n<td>14<\/td>\n<\/tr>\n<tr>\n<td>Mezzos et Contraltos<\/td>\n<td>10<\/td>\n<\/tr>\n<tr>\n<td>T\u00e9nors<\/td>\n<td>5<\/td>\n<\/tr>\n<tr>\n<td>Barytons et Bas<\/td>\n<td>6<\/td>\n<\/tr>\n<tr>\n<td><strong>Total<\/strong><\/td>\n<td><strong>35<\/strong><\/td>\n<\/tr>\n<\/tbody>\n<\/table>\n<div class=\"dt-sc-clear\"><\/div>\n<div class=\"dt-sc-hr-border\"><\/div>\n<p><strong>SOPRANOS<\/strong><\/p>\n<p>Alvarez Guzm\u00e1n, Haizea &#8211; Azkarate Azpiazu, Nerea &#8211; Aspiazu Iturbe, Usue &#8211; Beldarrain Gonz\u00e1lez, Ane &#8211; Cano Palencia, Silvia &#8211; Climent Roca, Carmen &#8211; Delgado Urrutikoetxea, Marta &#8211; De Orbe Allende, Arrate &#8211; D\u00edez Landa, Maialen &#8211; G\u00f3mez Tobarra, Ibone &#8211; Lujua De C\u00e1ceres, M\u00edriam &#8211; Madariaga Astobieta, Nerea &#8211; Maura Al\u00e1ez, Victoria &#8211; Ortiz Garc\u00eda, Nerea &#8211; Prieto Landeta, Itxasne &#8211; Reichhardt, Alina &#8211; Rodr\u00edguez Aguirre, Andrea &#8211; S\u00e1nchez Land\u00edbar, Mar\u00eda &#8211; Thate Arrazola, Ibone<\/p>\n<p><strong>MEZZOS-ALTOS<\/strong><\/p>\n<p>Barrenetxea Ezcurra, Irune &#8211; Caba\u00f1as Weisz, In\u00e9s &#8211; Cerio Vera, Marta &#8211; Delgado Urrutikoetxea, Sonia &#8211; G\u00f3mez, Cecilia &#8211; Pastor Olmos, Josune &#8211; Olano Oteiza, Bego\u00f1a &#8211; Ruiz V\u00e1zquez, Paula &#8211; Sanz Hierro, Paula &#8211; Yanguas Aguirre, Laura<\/p>\n<p><strong>TENORES<\/strong><\/p>\n<p>Aguado Jauregui, Iker &#8211; Bermejo Arteagabeitia, Aitor &#8211; De Carlos Olabarriaga, Anton &#8211; Del Blanco Sierra, Eder &#8211; Garc\u00eda Sancho, Julen &#8211; Madariaga Arroyo, Ander &#8211; Manzanares Dom\u00ednguez, Guillermo &#8211; M\u00e9ndez Aretxabaleta, Xabier &#8211; N\u00fa\u00f1ez Bueno, Mikel &#8211; Rica Izquierdo, Peio<\/p>\n<p><strong>BARYTON-BAS<\/strong><\/p>\n<p>Agirretxu Zea, Jon Ander &#8211; Balanzategi Agirrezabala, Gilen &#8211; Balanzategi Agirrezabala, Sabas &#8211; Bas\u00e1\u00f1ez Zulueta, Aimar &#8211; Berganza Orcajada, I\u00f1igo &#8211; Brey Prat, Josetxo- Hern\u00e1ndez N\u00fa\u00f1ez, I\u00f1igo &#8211; Mendizabal Corch\u00f3n, Nikolas Ander &#8211; Maura Al\u00e1ez, Miguel &#8211; Legorburu Mata, Jaime<\/p>\n","protected":false},"excerpt":{"rendered":"<p>CHORALE EUSKERIA de la Soci\u00e9t\u00e9 Chorale de Bilbao La chorale a \u00e9t\u00e9 fond\u00e9e en 1985 en supposant que votre Juan Luis Vazquez depuis dix ans. I\u00f1aki Moreno l&#8217;a remplac\u00e9 jusqu&#8217;en 2007. Formation juv\u00e9nile de la Soci\u00e9t\u00e9 Chorale de Bilbao il a commenc\u00e9 \u00e0 cette date une nouvelle \u00e8re avec la nomination de UrkoSangroniz en tant [&hellip;]<\/p>\n","protected":false},"author":6,"featured_media":17561,"parent":2134,"menu_order":0,"comment_status":"open","ping_status":"open","template":"","meta":[],"_links":{"self":[{"href":"https:\/\/www.coraldebilbao.com\/fr\/wp-json\/wp\/v2\/pages\/2148"}],"collection":[{"href":"https:\/\/www.coraldebilbao.com\/fr\/wp-json\/wp\/v2\/pages"}],"about":[{"href":"https:\/\/www.coraldebilbao.com\/fr\/wp-json\/wp\/v2\/types\/page"}],"author":[{"embeddable":true,"href":"https:\/\/www.coraldebilbao.com\/fr\/wp-json\/wp\/v2\/users\/6"}],"replies":[{"embeddable":true,"href":"https:\/\/www.coraldebilbao.com\/fr\/wp-json\/wp\/v2\/comments?post=2148"}],"version-history":[{"count":1,"href":"https:\/\/www.coraldebilbao.com\/fr\/wp-json\/wp\/v2\/pages\/2148\/revisions"}],"predecessor-version":[{"id":17639,"href":"https:\/\/www.coraldebilbao.com\/fr\/wp-json\/wp\/v2\/pages\/2148\/revisions\/17639"}],"up":[{"embeddable":true,"href":"https:\/\/www.coraldebilbao.com\/fr\/wp-json\/wp\/v2\/pages\/2134"}],"wp:featuredmedia":[{"embeddable":true,"href":"https:\/\/www.coraldebilbao.com\/fr\/wp-json\/wp\/v2\/media\/17561"}],"wp:attachment":[{"href":"https:\/\/www.coraldebilbao.com\/fr\/wp-json\/wp\/v2\/media?parent=2148"}],"curies":[{"name":"wp","href":"https:\/\/api.w.org\/{rel}","templated":true}]}}