{"id":2134,"date":"2014-08-12T12:27:35","date_gmt":"2014-08-12T12:27:35","guid":{"rendered":"http:\/\/coraldebilbao.com\/coros-2\/"},"modified":"2014-12-15T11:12:31","modified_gmt":"2014-12-15T10:12:31","slug":"coros","status":"publish","type":"page","link":"https:\/\/www.coraldebilbao.com\/fr\/coros\/","title":{"rendered":"Chorales"},"content":{"rendered":"<script type=\"text\/javascript\">var lsjQuery = jQuery;lsjQuery(document).ready(function() {\r\nif(typeof lsjQuery.fn.layerSlider == \"undefined\") {\r\nif( window._layerSlider && window._layerSlider.showNotice) { \r\nwindow._layerSlider.showNotice('layerslider_5','jquery');\r\n}\r\n} else {\r\nlsjQuery(\"#layerslider_5\").layerSlider({sliderVersion: '', responsiveUnder: 0, layersContainer: 0, pauseOnHover: 'on', twoWaySlideshow: true, skin: 'noskin', yourLogoStyle: 'left: 10px; top: 10px;', skinsPath: 'https:\/\/www.coraldebilbao.com\/wp-content\/plugins\/LayerSlider\/static\/layerslider\/skins\/', type: 'responsive', showCircleTimer: false});\r\n}\r\n});\r\n<\/script><div id=\"layerslider_5\" class=\"ls-wp-container fitvidsignore\" style=\"width:790px;height:266px;margin:0 auto;\"><div class=\"ls-slide\" data-ls=\"duration:2000;transition2d:5;\"><img src=\"http:\/\/coraldebilbao.com\/wp-content\/uploads\/2014\/08\/coral-bilbao.jpg\" class=\"ls-bg\" alt=\"Slide background\" \/><\/div><div class=\"ls-slide\" data-ls=\"duration:2000;transition2d:5;\"><img src=\"http:\/\/coraldebilbao.com\/wp-content\/uploads\/2014\/08\/coral-euskeria.jpg\" class=\"ls-bg\" alt=\"Slide background\" \/><\/div><div class=\"ls-slide\" data-ls=\"duration:2000;transition2d:5;\"><img src=\"http:\/\/coraldebilbao.com\/wp-content\/uploads\/2014\/08\/coro-ninos.jpg\" class=\"ls-bg\" alt=\"Slide background\" \/><\/div><\/div>\n<div class='dt-sc-hr-invisible  '><\/div>\n<h2>Qui n&#8217;a pas eu le plaisir d&#8217;\u00e9couter La Chorale de Bilbao?<br \/>Envie d\u2019y unir ta voix ?<br \/>\n<\/h2>\n<h5>La Soci\u00e9t\u00e9 chorale de Bilbao a re\u00e7u la M\u00e9daille d&#8217;or des Beaux-Arts (1986), la M\u00e9daille d&#8217;honneur de l&#8217;Acad\u00e9mie royale des Beaux-Arts de San Fernando (2005) et la M\u00e9daille d&#8217;or de la ville de Bilbao (2007) entre autres r\u00e9compenses.<\/h5>\n<p>Nous avons une ligne de chorale distinctif chanter avec trois chorales dans lesquelles les enfants, les jeunes et les adultes peuvent profiter de la musique chorale dans des conditions uniques.<br \/>\n<div class='dt-sc-hr-invisible  '><\/div>\n<div  class='column dt-sc-one-third   first' ><img loading=\"lazy\" class=\"aligncenter size-full wp-image-855\" src=\"https:\/\/www.coraldebilbao.com\/wp-content\/uploads\/2014\/08\/coro.png\" alt=\"Coral de Bilbao\" width=\"100\" height=\"66\" \/><div class='dt-sc-ico-content  type5'><h5><a href='https:\/\/www.coraldebilbao.com\/fr\/coros\/coral-de-bilbao\/' target=''> CHORALE DE BILBAO <\/a><\/h5>La Soci\u00e9t\u00e9 Chorale de Bilbao-BilbokoElkarteaKoral a \u00e9t\u00e9 fond\u00e9e en 1886 pour le d\u00e9veloppement de la musique en g\u00e9n\u00e9ral et en particulier de la chorale<\/div><\/div>\n<div  class='column dt-sc-one-third   ' ><img loading=\"lazy\" class=\"aligncenter size-full wp-image-855\" src=\"https:\/\/www.coraldebilbao.com\/wp-content\/uploads\/2014\/08\/coro.png\" alt=\"Coral Euskeria\" width=\"100\" height=\"66\" \/>\n<div class='dt-sc-ico-content  type5'><h5><a href='https:\/\/www.coraldebilbao.com\/fr\/coros\/coro-euskeria\/' target=''> CHORALE EUSKERIA <\/a><\/h5>Fond\u00e9e en 1985 comme une \u00e9tape interm\u00e9diaire entre le Conservatoire Chorale et une chorale d&#8217;enfants et une chorale adulte ou par la propre chorale<\/div><\/div>\n<div  class='column dt-sc-one-third   ' ><img loading=\"lazy\" class=\"aligncenter size-full wp-image-855\" src=\"https:\/\/www.coraldebilbao.com\/wp-content\/uploads\/2014\/08\/coro.png\" alt=\"Coro Conservatorio Bilbao\" width=\"100\" height=\"66\" \/>\n<div class='dt-sc-ico-content  type5'><h5><a href='https:\/\/www.coraldebilbao.com\/fr\/coros\/coro-ninos\/' target=''> CHORALE ENFANT <\/a><\/h5>Fond\u00e9 en 1984 par le Directeur de la Choral de Bilbao est principalement pris en charge par les \u00e9tudiants du Conservatoire de la propre soci\u00e9t\u00e9 Choral<\/div><\/div>\n<div class='dt-sc-hr '><\/div>\n<div class='dt-sc-titled-box  red'><h6 class='dt-sc-titled-box-title' >  Connexion Nouveaux choristes<\/h6><div class='dt-sc-titled-box-content'>Si vous souhaitez rejoindre l&#8217;un de nos chorales, envoyez-nous vos coordonn\u00e9es via ce formulaire:\n<div role=\"form\" class=\"wpcf7\" id=\"wpcf7-f2835-o1\" lang=\"es-ES\" dir=\"ltr\">\n<div class=\"screen-reader-response\"><p role=\"status\" aria-live=\"polite\" aria-atomic=\"true\"><\/p> <ul><\/ul><\/div>\n<form action=\"\/fr\/wp-json\/wp\/v2\/pages\/2134#wpcf7-f2835-o1\" method=\"post\" class=\"wpcf7-form init\" novalidate=\"novalidate\" data-status=\"init\">\n<div style=\"display: none;\">\n<input type=\"hidden\" name=\"_wpcf7\" value=\"2835\" \/>\n<input type=\"hidden\" name=\"_wpcf7_version\" value=\"5.4\" \/>\n<input type=\"hidden\" name=\"_wpcf7_locale\" value=\"es_ES\" \/>\n<input type=\"hidden\" name=\"_wpcf7_unit_tag\" value=\"wpcf7-f2835-o1\" \/>\n<input type=\"hidden\" name=\"_wpcf7_container_post\" value=\"0\" \/>\n<input type=\"hidden\" name=\"_wpcf7_posted_data_hash\" value=\"\" \/>\n<input type=\"hidden\" name=\"_wpcf7cf_hidden_group_fields\" value=\"[]\" \/>\n<input type=\"hidden\" name=\"_wpcf7cf_hidden_groups\" value=\"[]\" \/>\n<input type=\"hidden\" name=\"_wpcf7cf_visible_groups\" value=\"[]\" \/>\n<input type=\"hidden\" name=\"_wpcf7cf_repeaters\" value=\"[]\" \/>\n<input type=\"hidden\" name=\"_wpcf7cf_steps\" value=\"{}\" \/>\n<input type=\"hidden\" name=\"_wpcf7cf_options\" value=\"{&quot;form_id&quot;:2835,&quot;conditions&quot;:[],&quot;settings&quot;:{&quot;animation&quot;:&quot;yes&quot;,&quot;animation_intime&quot;:200,&quot;animation_outtime&quot;:200,&quot;conditions_ui&quot;:&quot;normal&quot;,&quot;notice_dismissed&quot;:false,&quot;notice_dismissed_update-cf7-5.7.7&quot;:true}}\" \/>\n<input type=\"hidden\" name=\"idpedido\" value=\"C1777587389m\" \/>\n<input type=\"hidden\" name=\"_wpcf7_recaptcha_response\" value=\"\" \/>\n<\/div>\n<div style=\"margin-top:25px;\">\n<p style=\"width:65%;float:left;\">Nom et pr\u00e9nom :<span class=\"wpcf7-form-control-wrap your-name\"><input type=\"text\" name=\"your-name\" value=\"\" size=\"40\" class=\"wpcf7-form-control wpcf7-text wpcf7-validates-as-required\" aria-required=\"true\" aria-invalid=\"false\" \/><\/span> <\/p>\n<p style=\"width:30%;float:right;\">Date de naissance :<span class=\"wpcf7-form-control-wrap text-150\"><input type=\"text\" name=\"text-150\" value=\"\" size=\"40\" class=\"wpcf7-form-control wpcf7-text wpcf7-validates-as-required\" aria-required=\"true\" aria-invalid=\"false\" \/><\/span><\/p>\n<p style=\"clear:both;width:48%;float:left;\">T\u00e9l\u00e9phone mobile :<span class=\"wpcf7-form-control-wrap tel-130\"><input type=\"tel\" name=\"tel-130\" value=\"\" size=\"40\" class=\"wpcf7-form-control wpcf7-text wpcf7-tel wpcf7-validates-as-required wpcf7-validates-as-tel\" aria-required=\"true\" aria-invalid=\"false\" \/><\/span><\/p>\n<p style=\"width:48%;float:right;\"> <em>E-mail :<\/em><span class=\"wpcf7-form-control-wrap your-email\"><input type=\"email\" name=\"your-email\" value=\"\" size=\"40\" class=\"wpcf7-form-control wpcf7-text wpcf7-email wpcf7-validates-as-required wpcf7-validates-as-email\" aria-required=\"true\" aria-invalid=\"false\" \/><\/span> <\/p>\n<p style=\"clear:both;\">Vous apparteniez \u00e0 d'autres ch\u0153urs? :<span class=\"wpcf7-form-control-wrap textarea-786\"><textarea name=\"textarea-786\" cols=\"40\" rows=\"10\" class=\"wpcf7-form-control wpcf7-textarea\" aria-invalid=\"false\"><\/textarea><\/span><\/p>\n<\/div>\n<p><span class=\"wpcf7-form-control-wrap acceptance-373\"><span class=\"wpcf7-form-control wpcf7-acceptance\"><span class=\"wpcf7-list-item\"><input type=\"checkbox\" name=\"acceptance-373\" value=\"1\" aria-invalid=\"false\" checked=\"checked\" \/><\/span><\/span><\/span> J'accepte la politique de confidentialit\u00e9<\/p>\n<p style=\"padding-bottom:10px;\"><input type=\"submit\" value=\"Envoyer\" class=\"wpcf7-form-control wpcf7-submit\" \/><\/p>\n<div class=\"wpcf7-response-output\" aria-hidden=\"true\"><\/div><\/form><\/div><\/div><\/div>\n","protected":false},"excerpt":{"rendered":"<p>Qui n&#8217;a pas eu le plaisir d&#8217;\u00e9couter La Chorale de Bilbao?Envie d\u2019y unir ta voix ? La Soci\u00e9t\u00e9 chorale de Bilbao a re\u00e7u la M\u00e9daille d&#8217;or des Beaux-Arts (1986), la M\u00e9daille d&#8217;honneur de l&#8217;Acad\u00e9mie royale des Beaux-Arts de San Fernando (2005) et la M\u00e9daille d&#8217;or de la ville de Bilbao (2007) entre autres r\u00e9compenses. Nous [&hellip;]<\/p>\n","protected":false},"author":6,"featured_media":0,"parent":0,"menu_order":0,"comment_status":"open","ping_status":"open","template":"","meta":[],"_links":{"self":[{"href":"https:\/\/www.coraldebilbao.com\/fr\/wp-json\/wp\/v2\/pages\/2134"}],"collection":[{"href":"https:\/\/www.coraldebilbao.com\/fr\/wp-json\/wp\/v2\/pages"}],"about":[{"href":"https:\/\/www.coraldebilbao.com\/fr\/wp-json\/wp\/v2\/types\/page"}],"author":[{"embeddable":true,"href":"https:\/\/www.coraldebilbao.com\/fr\/wp-json\/wp\/v2\/users\/6"}],"replies":[{"embeddable":true,"href":"https:\/\/www.coraldebilbao.com\/fr\/wp-json\/wp\/v2\/comments?post=2134"}],"version-history":[{"count":0,"href":"https:\/\/www.coraldebilbao.com\/fr\/wp-json\/wp\/v2\/pages\/2134\/revisions"}],"wp:attachment":[{"href":"https:\/\/www.coraldebilbao.com\/fr\/wp-json\/wp\/v2\/media?parent=2134"}],"curies":[{"name":"wp","href":"https:\/\/api.w.org\/{rel}","templated":true}]}}