{"id":2113,"date":"2014-08-08T12:33:52","date_gmt":"2014-08-08T12:33:52","guid":{"rendered":"http:\/\/coraldebilbao.com\/ensenanza-musical\/ensenanza-reglada\/"},"modified":"2014-12-12T14:11:53","modified_gmt":"2014-12-12T13:11:53","slug":"ensenanza-reglada","status":"publish","type":"page","link":"https:\/\/www.coraldebilbao.com\/fr\/ensenanza-musical\/ensenanza-reglada\/","title":{"rendered":"Education r\u00e9glement\u00e9e"},"content":{"rendered":"<img loading=\"lazy\" src=\"https:\/\/www.coraldebilbao.com\/wp-content\/uploads\/2014\/08\/ensenanza-reglada.jpg\" alt=\"ensenanza-reglada\" width=\"790\" height=\"266\" class=\"aligncenter size-full wp-image-2114\" \/>\n<h2>Education r\u00e9glement\u00e9e: niveau \u00e9l\u00e9mentaire et professionnelle<\/h2>\n<h5>L&#8217;\u00e9tudiant doit r\u00e9pondre aux objectifs du programme. La loi r\u00e9glemente les aspects acad\u00e9miques de la promotion de cours, \u00e9valuation, etc. Surmonter chacun des r\u00e9sultats de qualit\u00e9 pour obtenir la transcription correspondant ou qualification professionnelle pertinente.<\/h5>\n<p>Sont bas\u00e9s sur des sp\u00e9cialit\u00e9s instrumentales et programme diversifi\u00e9 comprenant \u00e0 la fois des travaux individuels et de groupe, th\u00e9oriques et pratiques, obligatoires et facultatives. Le plan \u00e9ducatif suit l\u2019\u00e9quilibre n\u00e9cessaire entre les aspects th\u00e9oriques, techniques et d&#8217;interpr\u00e9tation en accordant une attention particuli\u00e8re \u00e0 la pratique de l&#8217;ensemble musical que nous appliquons \u00e0 notre syst\u00e8me \u00e9ducatif.<br \/>\n<div class=\"dt-sc-clear\"><\/div>\n<div  class='column dt-sc-one-half   first' ><div class=\"dt-sc-hr-border\"><\/div>\n<h4>Grade El\u00e9mentaire<\/h4>\n<ul>\n<li>1er et 2\u00e8me langue musicale, chorale et instrument<\/li>\n<li>3\u00e8me et 4\u00e8me langue musicale, chorale, instruments et la pratique instrumentale<\/li>\n<\/ul>\n<div class=\"dt-sc-clear\"><\/div>\n<div class=\"dt-sc-hr-border\"><\/div>\n<h4>Grade Professionnelle<\/h4>\n<p>D\u00e9cret 194\/2010 \u00e9tablit validation entre certaines zones de coll\u00e8ges et lyc\u00e9es et divers sujets pour la musique professionnelle.<\/p>\n<ul>\n<ul>\n<li>1er et 2\u00e8me langue musicale, le principal instrument, outil compl\u00e9mentaire. R\u00e9pertoire chorale, bande, orchestre (*)<\/li>\n<li>3\u00e8me et 4\u00e8me Harmonie, le principal instrument, outil compl\u00e9mentaire. R\u00e9pertoire, bande, orchestre, musique de chambre, ensemble, accompagnement (*)<\/li>\n<li>5\u00e8me et 6\u00e8me instrument principal, la musique de chambre, histoire de la musique, de l&#8217;analyse. Accompagnement d&#8217;orchestre accompagnateur r\u00e9pertoire, instrument principal de r\u00e9pertoire, des techniques d&#8217;\u00e9tude (*)<\/li>\n<\/ul>\n<\/ul>\n<p>(*) Selon le principal instrument.<\/div><div  class='column dt-sc-one-half   ' ><div style=\"padding-top:30px;\"><div class='dt-sc-titled-box  red'><h6 class='dt-sc-titled-box-title' >  Demande d'information<\/h6><div class='dt-sc-titled-box-content'><div role=\"form\" class=\"wpcf7\" id=\"wpcf7-f2821-o1\" lang=\"es-ES\" dir=\"ltr\">\n<div class=\"screen-reader-response\"><p role=\"status\" aria-live=\"polite\" aria-atomic=\"true\"><\/p> <ul><\/ul><\/div>\n<form action=\"\/fr\/wp-json\/wp\/v2\/pages\/2113#wpcf7-f2821-o1\" method=\"post\" class=\"wpcf7-form init\" novalidate=\"novalidate\" data-status=\"init\">\n<div style=\"display: none;\">\n<input type=\"hidden\" name=\"_wpcf7\" value=\"2821\" \/>\n<input type=\"hidden\" name=\"_wpcf7_version\" value=\"5.4\" \/>\n<input type=\"hidden\" name=\"_wpcf7_locale\" value=\"es_ES\" \/>\n<input type=\"hidden\" name=\"_wpcf7_unit_tag\" value=\"wpcf7-f2821-o1\" \/>\n<input type=\"hidden\" name=\"_wpcf7_container_post\" value=\"0\" \/>\n<input type=\"hidden\" name=\"_wpcf7_posted_data_hash\" value=\"\" \/>\n<input type=\"hidden\" name=\"_wpcf7cf_hidden_group_fields\" value=\"[]\" \/>\n<input type=\"hidden\" name=\"_wpcf7cf_hidden_groups\" value=\"[]\" \/>\n<input type=\"hidden\" name=\"_wpcf7cf_visible_groups\" value=\"[]\" \/>\n<input type=\"hidden\" name=\"_wpcf7cf_repeaters\" value=\"[]\" \/>\n<input type=\"hidden\" name=\"_wpcf7cf_steps\" value=\"{}\" \/>\n<input type=\"hidden\" name=\"_wpcf7cf_options\" value=\"{&quot;form_id&quot;:2821,&quot;conditions&quot;:[],&quot;settings&quot;:{&quot;animation&quot;:&quot;yes&quot;,&quot;animation_intime&quot;:200,&quot;animation_outtime&quot;:200,&quot;conditions_ui&quot;:&quot;normal&quot;,&quot;notice_dismissed&quot;:false,&quot;notice_dismissed_update-cf7-5.7.7&quot;:true}}\" \/>\n<input type=\"hidden\" name=\"idpedido\" value=\"C1777691907p\" \/>\n<input type=\"hidden\" name=\"_wpcf7_recaptcha_response\" value=\"\" \/>\n<\/div>\n<p>Votre nom (obligatoire)\n    <span class=\"wpcf7-form-control-wrap your-name\"><input type=\"text\" name=\"your-name\" value=\"\" size=\"40\" class=\"wpcf7-form-control wpcf7-text wpcf7-validates-as-required\" aria-required=\"true\" aria-invalid=\"false\" \/><\/span> <\/p>\n<p>Votre email (obligatoire)\n    <span class=\"wpcf7-form-control-wrap your-email\"><input type=\"email\" name=\"your-email\" value=\"\" size=\"40\" class=\"wpcf7-form-control wpcf7-text wpcf7-email wpcf7-validates-as-required wpcf7-validates-as-email\" aria-required=\"true\" aria-invalid=\"false\" \/><\/span> <\/p>\n<p>Votre t\u00e9l\u00e9phone (obligatoire)\n    <span class=\"wpcf7-form-control-wrap tel-130\"><input type=\"tel\" name=\"tel-130\" value=\"\" size=\"40\" class=\"wpcf7-form-control wpcf7-text wpcf7-tel wpcf7-validates-as-required wpcf7-validates-as-tel\" aria-required=\"true\" aria-invalid=\"false\" \/><\/span><\/p>\n<p>Votre message\n    <span class=\"wpcf7-form-control-wrap textarea-241\"><textarea name=\"textarea-241\" cols=\"40\" rows=\"4\" class=\"wpcf7-form-control wpcf7-textarea\" aria-invalid=\"false\"><\/textarea><\/span><\/p>\n<p><span class=\"wpcf7-form-control-wrap acceptance-373\"><span class=\"wpcf7-form-control wpcf7-acceptance\"><span class=\"wpcf7-list-item\"><input type=\"checkbox\" name=\"acceptance-373\" value=\"1\" aria-invalid=\"false\" checked=\"checked\" \/><\/span><\/span><\/span> J'accepte la politique de confidentialit\u00e9<\/p>\n<p style=\"padding-bottom:10px;\"><input type=\"submit\" value=\"Envoyer\" class=\"wpcf7-form-control wpcf7-submit\" \/><\/p>\n<div class=\"wpcf7-response-output\" aria-hidden=\"true\"><\/div><\/form><\/div><\/div><\/div><\/div><\/div>\n<div class=\"dt-sc-clear\"><\/div>\n<div class=\"dt-sc-hr-border\"><\/div>\n<h4>Sp\u00e9cialit\u00e9s instrumentales<\/h4>\n<div  class='column dt-sc-one-third   first' ><ul class='dt-sc-fancy-list   rounded-arrow'>\n<li>Piano<\/li>\n<li>Guitare<\/li>\n<li>Violon<\/li>\n<li>Viole<\/li>\n<\/ul><\/div>\n<div  class='column dt-sc-one-third   ' ><ul class='dt-sc-fancy-list   rounded-arrow'>\n<li>Violoncelle<\/li>\n<li>Contrebasse<\/li>\n<li>Fl\u00fbte traversi\u00e8re <\/li>\n<li>Hautbois<\/li>\n<\/ul><\/div>\n<div  class='column dt-sc-one-third   ' ><ul class='dt-sc-fancy-list   rounded-arrow'>\n<li>Clarinette<\/li>\n<li>Saxophone<\/li>\n<li>Trompette<\/li>\n<li>Cor<\/li>\n<\/ul><\/div>\n<div class=\"dt-sc-clear\"><\/div>\n<div class=\"dt-sc-hr-border\"><\/div>\n<div class=\"dt-sc-appointment\"><p class=\"dt-sc-contact-info\"><i class=\"fa fa-file-text-o\"><\/i><a style=\"float: right; margin-right: 20px;\" href=\"https:\/\/www.coraldebilbao.com\/fr\/ensenanza-musical\/informacion-academica\/\">Documents, \u00e9preuves d\u2019acc\u00e8s et sollicitudes<\/a><strong>INFORMATION ACAD\u00c9MIQUES<\/strong><\/p><\/div>\n","protected":false},"excerpt":{"rendered":"<p>Education r\u00e9glement\u00e9e: niveau \u00e9l\u00e9mentaire et professionnelle L&#8217;\u00e9tudiant doit r\u00e9pondre aux objectifs du programme. La loi r\u00e9glemente les aspects acad\u00e9miques de la promotion de cours, \u00e9valuation, etc. Surmonter chacun des r\u00e9sultats de qualit\u00e9 pour obtenir la transcription correspondant ou qualification professionnelle pertinente. Sont bas\u00e9s sur des sp\u00e9cialit\u00e9s instrumentales et programme diversifi\u00e9 comprenant \u00e0 la fois des [&hellip;]<\/p>\n","protected":false},"author":6,"featured_media":0,"parent":2106,"menu_order":0,"comment_status":"open","ping_status":"closed","template":"","meta":[],"_links":{"self":[{"href":"https:\/\/www.coraldebilbao.com\/fr\/wp-json\/wp\/v2\/pages\/2113"}],"collection":[{"href":"https:\/\/www.coraldebilbao.com\/fr\/wp-json\/wp\/v2\/pages"}],"about":[{"href":"https:\/\/www.coraldebilbao.com\/fr\/wp-json\/wp\/v2\/types\/page"}],"author":[{"embeddable":true,"href":"https:\/\/www.coraldebilbao.com\/fr\/wp-json\/wp\/v2\/users\/6"}],"replies":[{"embeddable":true,"href":"https:\/\/www.coraldebilbao.com\/fr\/wp-json\/wp\/v2\/comments?post=2113"}],"version-history":[{"count":0,"href":"https:\/\/www.coraldebilbao.com\/fr\/wp-json\/wp\/v2\/pages\/2113\/revisions"}],"up":[{"embeddable":true,"href":"https:\/\/www.coraldebilbao.com\/fr\/wp-json\/wp\/v2\/pages\/2106"}],"wp:attachment":[{"href":"https:\/\/www.coraldebilbao.com\/fr\/wp-json\/wp\/v2\/media?parent=2113"}],"curies":[{"name":"wp","href":"https:\/\/api.w.org\/{rel}","templated":true}]}}